{"id":216,"date":"2020-06-29T08:43:56","date_gmt":"2020-06-29T08:43:56","guid":{"rendered":"http:\/\/entwicklung.agvb.de\/?page_id=216"},"modified":"2020-11-26T12:23:35","modified_gmt":"2020-11-26T10:23:35","slug":"weiterbildung","status":"publish","type":"page","link":"https:\/\/entwicklung.agvb.de\/?page_id=216","title":{"rendered":"Weiterbildung &#038; Supervision"},"content":{"rendered":"<aside><\/aside>\r\n<aside><details>\r\n<summary><span style=\"font-size: 26px; font-weight: bolder;\">Fort- und Weiterbildung im Gerontobereich<\/span><\/summary>\r\n<ul>\r\n<li style=\"list-style-type: none;\">\r\n<ul>\r\n<li><a href=\"http:\/\/www.sega-ev.de\/\" target=\"_blank\" rel=\"noreferrer noopener\">SEGA e.V. &#8211; Verein zur F\u00f6rderung der Seelischen Gesundheit im Alter e.V.<\/a><\/li>\r\n<li><a href=\"http:\/\/www.ggsd.de\/gemeinnuetzige-gesellschaft-fuer-soziale-dienste\/\" target=\"_blank\" rel=\"noreferrer noopener\">Gemeinn\u00fctzige Gesellschaft f\u00fcr Soziale Dienste<\/a><\/li>\r\n<li><a href=\"http:\/\/www.evhn.de\/\" target=\"_blank\" rel=\"noreferrer noopener\">Evangelische Fachhochschule N\u00fcrnberg<\/a><\/li>\r\n<li><a href=\"http:\/\/www.aufschwungalt.de\/\" target=\"_blank\" rel=\"noreferrer noopener\">Aufschwung Alt M\u00fcnchen<\/a><\/li>\r\n<li><a href=\"https:\/\/ibp.medbo.de\/default.aspx?pid=2046671298\" target=\"_blank\" rel=\"noreferrer noopener\">IBP &#8211; Institut f\u00fcr Bildung und Personalentwicklung der medbo am Bezirksklinikum Regensburg<\/a><\/li>\r\n<li><a href=\"http:\/\/www.hwa-online.de\/\" target=\"_blank\" rel=\"noreferrer noopener\">Hans-Weinberger-Akademie der AWO e.V.<\/a><\/li>\r\n<li><a href=\"http:\/\/seminare-niemann.de\/\" target=\"_blank\" rel=\"noreferrer noopener\">Seminare Niemann<\/a><\/li>\r\n<li><a href=\"http:\/\/www.innova-careconsult.de\/icc\/index.php\" target=\"_blank\" rel=\"noreferrer noopener\">Innova CareConsult<\/a><\/li>\r\n<li><a href=\"http:\/\/www.trauma-institut.net\/\" target=\"_blank\" rel=\"noreferrer noopener\">Trauma-Institut S\u00fcddeutschland<\/a><\/li>\r\n<li><a href=\"http:\/\/dr-sabine-engel.de\/html\/pages\/index.htm\" target=\"_blank\" rel=\"noreferrer noopener\">Vortr\u00e4ge und Fortbildungsangebote von Prof. Dr. Sabine Engel<\/a><\/li>\r\n<li><a href=\"http:\/\/www.angehoerigenberatung-nbg.de\/fortbildung\/fort-und-weiterbildung\" target=\"_blank\" rel=\"noreferrer noopener\">Fort- und Weiterbildungen der Angeh\u00f6rigenberatung e.V. N\u00fcrnberg<\/a><\/li>\r\n<li><a href=\"https:\/\/www.alzheimer-bayern.de\/index.php\/wir-fuer-sie\/fortbildungen\" target=\"_blank\" rel=\"noreferrer noopener\">Bayernweite Kursleiterschulungen &#8222;Sport und Bewegung trotz(t) Demenz&#8220;<\/a><\/li>\r\n<li><a href=\"http:\/\/www.th-deg.de\/kompetenzzentrum-bad-koetzting\" target=\"_blank\" rel=\"noreferrer noopener\">Basislehrgang &#8222;Kulturbegleiter in Gesundheitsberufen&#8220;<\/a><\/li>\r\n<li><a href=\"http:\/\/projekte.bagso.de\/fit-im-alter\/schulungsangebote\/\" target=\"_blank\" rel=\"noreferrer noopener\">Kostenfreie BAGSO-Schulungsangebote f\u00fcr MultiplikatorInnen in der Seniorenarbeit<\/a><\/li>\r\n<li><a href=\"https:\/\/www.alzheimer-kelheim.de\/leitf%C3%A4den-helfen-und-selber-gesund-bleiben\/\" target=\"_blank\" rel=\"noreferrer noopener\">&#8222;Gef\u00fchlswerkstatt!&#8220; &#8211; EinTraining f\u00fcr den Umgang mit belastenden Gef\u00fchlen in der Pflegesituation f\u00fcr (pflegende) Angeh\u00f6rige<\/a><a href=\"https:\/\/www.h365.de\"><\/a><\/li>\r\n<li><a href=\"https:\/\/www.alzheimer-kelheim.de\/leitf%C3%A4den-helfen-und-selber-gesund-bleiben\/\" target=\"_blank\" rel=\"noopener noreferrer\">AHG-Kelheim, Leitf\u00e4den &#8222;Helfen und selber gesund bleiben!&#8220;<\/a><\/li>\r\n<li><a href=\"https:\/\/www.dementia-und-art.de\/index.php\/blog\/27-weiterbildung.html\" target=\"_blank\" rel=\"noopener noreferrer\">(de)mentia+art \u2013 Fortbildungen zu Kulturbegleitung von Menschen mit Demenz<\/a><\/li>\r\n<li><a href=\"https:\/\/www.psychiatrie-update.de\/press\/\" target=\"_blank\" rel=\"noopener noreferrer\">Psychiatrie-Update.de \u2013 Fort- und Weiterbildungen<\/a><\/li>\r\n<li><a href=\"https:\/\/www.vielfalt-pflegen.info\/\" target=\"_blank\" rel=\"noopener noreferrer\">Kostenlose eLearning-Plattform \u201eVielfalt Pflegen\u201c des BMG<\/a><\/li>\r\n<\/ul>\r\n<\/li>\r\n<\/ul>\r\n<\/details><\/aside>\r\n<aside><\/aside>\r\n<aside><details>\r\n<summary><span style=\"font-size: 26px; font-weight: bolder;\">Supervision<\/span><\/summary>\r\n<ul>\r\n<li><a href=\"https:\/\/www.supervision-regional.de\/fuer-supervisoren\/nuernberg.html\" target=\"_blank\" rel=\"noreferrer noopener\">Supervision im Raum N\u00fcrnberg<\/a><\/li>\r\n<li><a href=\"http:\/\/www.supervision-regensburg.de\/supervision.html\" target=\"_blank\" rel=\"noreferrer noopener\">Supervision im Raum Regensburg<\/a><\/li>\r\n<\/ul>\r\n<\/details><\/aside>","protected":false},"excerpt":{"rendered":"<p>Fort- und Weiterbildung im Gerontobereich SEGA e.V. &#8211; Verein zur F\u00f6rderung der Seelischen Gesundheit im Alter e.V. Gemeinn\u00fctzige Gesellschaft f\u00fcr Soziale Dienste Evangelische Fachhochschule N\u00fcrnberg Aufschwung Alt M\u00fcnchen IBP &#8211; [&hellip;]<\/p>\n","protected":false},"author":1,"featured_media":0,"parent":0,"menu_order":0,"comment_status":"closed","ping_status":"closed","template":"","meta":[],"yoast_head":"<!-- This site is optimized with the Yoast SEO plugin v14.5 - https:\/\/yoast.com\/wordpress\/plugins\/seo\/ -->\n<title>Weiterbildung &amp; Supervision - AGVB<\/title>\n<meta name=\"robots\" content=\"index, follow\" \/>\n<meta name=\"googlebot\" content=\"index, follow, max-snippet:-1, max-image-preview:large, max-video-preview:-1\" \/>\n<meta name=\"bingbot\" content=\"index, follow, max-snippet:-1, max-image-preview:large, max-video-preview:-1\" \/>\n<link rel=\"canonical\" href=\"https:\/\/entwicklung.agvb.de\/?page_id=216\" \/>\n<meta property=\"og:locale\" content=\"de_DE\" \/>\n<meta property=\"og:type\" content=\"article\" \/>\n<meta property=\"og:title\" content=\"Weiterbildung &amp; Supervision - AGVB\" \/>\n<meta property=\"og:description\" content=\"Fort- und Weiterbildung im Gerontobereich SEGA e.V. &#8211; Verein zur F\u00f6rderung der Seelischen Gesundheit im Alter e.V. Gemeinn\u00fctzige Gesellschaft f\u00fcr Soziale Dienste Evangelische Fachhochschule N\u00fcrnberg Aufschwung Alt M\u00fcnchen IBP &#8211; [&hellip;]\" \/>\n<meta property=\"og:url\" content=\"https:\/\/entwicklung.agvb.de\/?page_id=216\" \/>\n<meta property=\"og:site_name\" content=\"AGVB\" \/>\n<meta property=\"article:modified_time\" content=\"2020-11-26T10:23:35+00:00\" \/>\n<meta name=\"twitter:card\" content=\"summary_large_image\" \/>\n<script type=\"application\/ld+json\" class=\"yoast-schema-graph\">{\"@context\":\"https:\/\/schema.org\",\"@graph\":[{\"@type\":\"WebSite\",\"@id\":\"https:\/\/entwicklung.agvb.de\/#website\",\"url\":\"https:\/\/entwicklung.agvb.de\/\",\"name\":\"AGVB\",\"description\":\"\",\"potentialAction\":[{\"@type\":\"SearchAction\",\"target\":\"https:\/\/entwicklung.agvb.de\/?s={search_term_string}\",\"query-input\":\"required name=search_term_string\"}],\"inLanguage\":\"de\"},{\"@type\":\"WebPage\",\"@id\":\"https:\/\/entwicklung.agvb.de\/?page_id=216#webpage\",\"url\":\"https:\/\/entwicklung.agvb.de\/?page_id=216\",\"name\":\"Weiterbildung & Supervision - AGVB\",\"isPartOf\":{\"@id\":\"https:\/\/entwicklung.agvb.de\/#website\"},\"datePublished\":\"2020-06-29T08:43:56+00:00\",\"dateModified\":\"2020-11-26T10:23:35+00:00\",\"inLanguage\":\"de\",\"potentialAction\":[{\"@type\":\"ReadAction\",\"target\":[\"https:\/\/entwicklung.agvb.de\/?page_id=216\"]}]}]}<\/script>\n<!-- \/ Yoast SEO plugin. -->","_links":{"self":[{"href":"https:\/\/entwicklung.agvb.de\/index.php?rest_route=\/wp\/v2\/pages\/216"}],"collection":[{"href":"https:\/\/entwicklung.agvb.de\/index.php?rest_route=\/wp\/v2\/pages"}],"about":[{"href":"https:\/\/entwicklung.agvb.de\/index.php?rest_route=\/wp\/v2\/types\/page"}],"author":[{"embeddable":true,"href":"https:\/\/entwicklung.agvb.de\/index.php?rest_route=\/wp\/v2\/users\/1"}],"replies":[{"embeddable":true,"href":"https:\/\/entwicklung.agvb.de\/index.php?rest_route=%2Fwp%2Fv2%2Fcomments&post=216"}],"version-history":[{"count":16,"href":"https:\/\/entwicklung.agvb.de\/index.php?rest_route=\/wp\/v2\/pages\/216\/revisions"}],"predecessor-version":[{"id":1800,"href":"https:\/\/entwicklung.agvb.de\/index.php?rest_route=\/wp\/v2\/pages\/216\/revisions\/1800"}],"wp:attachment":[{"href":"https:\/\/entwicklung.agvb.de\/index.php?rest_route=%2Fwp%2Fv2%2Fmedia&parent=216"}],"curies":[{"name":"wp","href":"https:\/\/api.w.org\/{rel}","templated":true}]}}