{"id":189,"date":"2020-06-29T07:55:20","date_gmt":"2020-06-29T07:55:20","guid":{"rendered":"http:\/\/entwicklung.agvb.de\/?page_id=189"},"modified":"2020-12-03T11:11:21","modified_gmt":"2020-12-03T09:11:21","slug":"migration","status":"publish","type":"page","link":"https:\/\/entwicklung.agvb.de\/?page_id=189","title":{"rendered":"Migration"},"content":{"rendered":"\r\n<aside><details>\r\n<summary><span style=\"font-size: 26px; font-weight: bolder;\">Allgemeine Informationen <\/span><\/summary>\r\n<ul>\r\n<li><a href=\"http:\/\/www.auslaenderbeirat-regensburg.de\/\" target=\"_blank\" rel=\"noreferrer noopener\">Beratungsstellen f\u00fcr Ausl\u00e4nder in Regensburg<\/a><\/li>\r\n<li><a href=\"http:\/\/www.drgppp.lwl.org\/\" target=\"_blank\" rel=\"noreferrer noopener\">Deutsch-Russiche Gesellschaft f\u00fcr Psychiatrie<\/a><\/li>\r\n<li><a href=\"https:\/\/www.agvb.de\/downloads\/falschestelefonat.pdf\">Flyer &#8211; Vorsicht falsches Telefonat und Betr\u00fcger\u00a0<\/a><\/li>\r\n<li><a href=\"http:\/\/www.rki.de\/DE\/Content\/Gesundheitsmonitoring\/Gesundheitsberichterstattung\/GBEDownloadsT\/migration.pdf?__blob=publicationFile\" target=\"_blank\" rel=\"noreferrer noopener\">Schwerpunktbericht der Gesundheitsberichterstattung des Bundes &#8211; Migration und Gesundheit<\/a><\/li>\r\n<li><a href=\"http:\/\/www.fh-kiel.de\/fileadmin\/data\/sug\/pdf-Dokument\/Neppert\/GesamtThesisFinale.pdf\" target=\"_blank\" rel=\"noreferrer noopener\">MigrantInnen und Demenz &#8211; Ressourcen, Belastungen und Krankheitskonzepte<\/a><\/li>\r\n<li><a href=\"http:\/\/www.bagso.de\/fileadmin\/Aktuell\/Themen\/Pflege\/handreichung.pdf\" target=\"_blank\" rel=\"noreferrer noopener\">F\u00fcr eine kultursensible Altenpflege<\/a><\/li>\r\n<li><a href=\"http:\/\/www.kultursensiblepflege.de\/religion.html\" target=\"_blank\" rel=\"noreferrer noopener\">Kultursensible Pflege BAZ Selbelang &#8211; Projekt AG Klasse A16 \u2013 Religion und Pflege<\/a><\/li>\r\n<li><a href=\"http:\/\/www.aerzteblatt.de\/archiv\/36687\/Tuerkische-Migranten-Kulturelle-Missverstaendnisse\" target=\"_blank\" rel=\"noreferrer noopener\">T\u00fcrkische Migranten: Kulturelle Missverst\u00e4ndnisse \u2013 Verst\u00e4ndnis von Krankheiten<\/a><\/li>\r\n<li><a href=\"https:\/\/www.bamf.de\/SharedDocs\/Anlagen\/DE\/Publikationen\/Forschungsberichte\/fb12-pflegebeduerftigkeit-pflegeleistungen.pdf?__blob=publicationFile\" target=\"_blank\" rel=\"noreferrer noopener\">Kurzfassung des Forschungsberichts 12 &#8222;Pflegebed\u00fcrftigkeit und Nachfrage nach Pflegeleistungen von Migrantinnen und Migranten im demographischen Wandel&#8220;<\/a><\/li>\r\n<li><a href=\"http:\/\/www.proasyl.de\/de\/shop\/\" target=\"_blank\" rel=\"noreferrer noopener\">Fakten und Argumente zur Fl\u00fcchtlingsdebatte<\/a><\/li>\r\n<li><a href=\"http:\/\/www.diakonisches-institut.de\/images\/PDF_Downloads\/Brosch%C3%BCre_-_interkulturelle_Pflege_April_2015h_-_GANZ_IN_GR%C3%9CN.pdf\" target=\"_blank\" rel=\"noreferrer noopener\">Brosch\u00fcre &#8222;Pflege und Religion &#8211; Schwerpunkt Islam&#8220;<\/a><\/li>\r\n<li><a href=\"http:\/\/www.demenz-service-migration.de\/startseite.html\" target=\"_blank\" rel=\"noreferrer noopener\">Brosch\u00fcre &#8222;Hilfen zur Kommunikation bei Demenz&#8220;<\/a><\/li>\r\n<li><a href=\"http:\/\/www.ina-sic.de\/\" target=\"_blank\" rel=\"noreferrer noopener\">INA &#8211; Interkultursensible Altenhilfe<\/a><\/li>\r\n<li><a href=\"http:\/\/www.aelter-werden-in.de\/\" target=\"_blank\" rel=\"noreferrer noopener\">\u00c4lter werden in Deutschland<\/a><\/li>\r\n<li><a href=\"http:\/\/www.kda.de\/forum-fuer-eine-kultursensible-altenhilfe.html\" target=\"_blank\" rel=\"noreferrer noopener\">Forum f\u00fcr eine kultursensible Altenhilfe<\/a><\/li>\r\n<li><a href=\"http:\/\/www.kda.de\/news-detail\/items\/archiv_323.html\" target=\"_blank\" rel=\"noreferrer noopener\">Migration und Demenz &#8211; Vergessen in der zweiten Heimat<\/a><\/li>\r\n<li><a href=\"http:\/\/www.agm-online.de\/demenz-migranten.html\" target=\"_blank\" rel=\"noreferrer noopener\">Migranten und Demenz &#8211; Informationen der Alzheimer Gesellschaft M\u00fcnchen<\/a><\/li>\r\n<li><a href=\"https:\/\/www.dza.de\/fileadmin\/dza\/pdf\/Heft_06_2010_November_Dezember_2010_gesamt_PW.pdf\" target=\"_blank\" rel=\"noreferrer noopener\">Gesundheitliche und pflegerische Versorgung \u00e4lterer Migranten und Migrantinnen<\/a><\/li>\r\n<li><a href=\"http:\/\/www.wiki.psz-duesseldorf.de\/images\/3\/3b\/Dr._med._Murat_Ozankan_2008.pdf\" target=\"_blank\" rel=\"noreferrer noopener\">Dr. Murat Ozankan &#8211; Stellenwert muttersprachlicher gerontopsychiatrischer Behandlungsangebote<\/a><\/li>\r\n<li><a href=\"http:\/\/www.demenz-service-migration.de\/tl_files\/migration\/Produkte%20und%20Materialien\/Demenz%20und%20Migration%20-%20Du%20bist%20nicht%20allein.pdf\" target=\"_blank\" rel=\"noreferrer noopener\">Demenz und Migration &#8211; du bist nicht allein<\/a><\/li>\r\n<li><a href=\"https:\/\/www.demenz-und-migration.de\/\" target=\"_blank\" rel=\"noreferrer noopener\">DAG &#8211; Demenz und Migration<\/a><\/li>\r\n<li><a href=\"http:\/\/www.demenz-service-migration.de\/broschueren.html\" target=\"_blank\" rel=\"noreferrer noopener\">Demenz-Servicezentrum f\u00fcr Menschen mit Zuwanderungsgeschichte<\/a><\/li>\r\n<li><a href=\"https:\/\/www.deutsche-alzheimer.de\/fileadmin\/alz\/forschung\/abschlussbericht_edukation_tuerkisch.pdf\" target=\"_blank\" rel=\"noreferrer noopener\">Abschluss Bericht &#8222;Kommunikationsschulung f\u00fcr Angeh\u00f6rige von t\u00fcrkischen Migranten mit Demenz &#8211;\u00a0 Edukation<sup>\u00a0T\u00dcRKISCH&#8220;<\/sup>\u00a0von Prof. Dr. Sabine Engel<\/a><\/li>\r\n<li><a href=\"http:\/\/www.mdk.de\/media\/pdf\/MDK-Forum-2012-2.pdf\" target=\"_blank\" rel=\"noreferrer noopener\">Migration und Gesundheit &#8211; MDK<\/a><\/li>\r\n<li><a href=\"http:\/\/demenz-sh.de\/index.php\/migration-und-demenz.html\" target=\"_blank\" rel=\"noreferrer noopener\">Kompetenzzentrum Demenz &#8211; Migration<\/a><\/li>\r\n<li><a href=\"http:\/\/www.alzheimer-bw.de\/demenzen\/informationen-in-anderen-sprachen\/fachliteratur-migration-und-demenz\/\" target=\"_blank\" rel=\"noreferrer noopener\">Fachliteratur zu &#8222;Migration und Demenz&#8220;<\/a><\/li>\r\n<li><a href=\"http:\/\/www.xn--jobbrse-d1a.de\/refugees\/\" target=\"_blank\" rel=\"noreferrer noopener\">Jobs f\u00fcr Fl\u00fcchtlinge<\/a><\/li>\r\n<li><a href=\"http:\/\/www.bagso.de\/fileadmin\/Aktuell\/Newsletter\/2017\/UNECE_Policybrief_Deutsch_Migration_im_Alter.pdf\" target=\"_blank\" rel=\"noreferrer noopener\">Migration im Alter<\/a><\/li>\r\n<li><a href=\"http:\/\/www.seniorenbueros.org\/fileadmin\/user_upload\/Startseite\/Patenschaftsprojekte_Menschen_staerken_Menschen_bagfa_BaS_IBS.pdf\" target=\"_blank\" rel=\"noreferrer noopener\">Patenschaften verbinden &#8211; Erfahrungen von Seniorenb\u00fcros und Freiwilligenagenturen<\/a><\/li>\r\n<li><a href=\"https:\/\/www.lzg-rlp.de\/files\/LZG-Shop\/Gesundheit\">Die Facetten der Kultursensiblen Altenpflege<\/a><\/li>\r\n<li><a href=\"http:\/\/www.bagso.de\/fileadmin\/Aktuell\/Newsletter\/2017\/wp75-altenpflege-muslime-2.pdf\" target=\"_blank\" rel=\"noreferrer noopener\">Studie &#8222;Altenpflege f\u00fcr Muslime&#8220; der Deutschen Islam Konferenz<\/a><\/li>\r\n<li><a href=\"http:\/\/migration.rummelsberger-diakonie.de\/beratung\/psychosoziales-zentrum\/\" target=\"_blank\" rel=\"noreferrer noopener\">Psychosoziales Zentrum f\u00fcr Fl\u00fcchtlinge<\/a><\/li>\r\n<li><a href=\"http:\/\/www.oekoherz.de\/fileadmin\/user_upload\/Fachpolitik_Landwirtschaft\/Soziale_Landwirtschaft\/TOEH_Leitfaden_UMF_in_der_SozLaw.pdf\" target=\"_blank\" rel=\"noreferrer noopener\">Fl\u00fcchtlinge in der Sozialen Landwirtschaft<\/a><\/li>\r\n<li><a href=\"https:\/\/www.alzheimer-bw.de\/demenz-mehr-erfahren\/migration-und-demenz\/interkultureller-demenzkoffer\/\" target=\"_blank\" rel=\"noreferrer noopener\">Alzheimer Gesellschaft-BW: Interkultureller Demenzkoffer<\/a><\/li>\r\n<li><a href=\"https:\/\/www.integrationsbeauftragte.de\/ib-de\" target=\"_blank\" rel=\"noreferrer noopener\">Beauftrage der Bunderegierung f\u00fcr Migration, Fl\u00fcchtlinge und Integration<\/a><\/li>\r\n<li><a href=\"https:\/\/www.demenz-support.de\/projekte\/laufende-projekte\/demigranz\/\" target=\"_blank\" rel=\"noopener noreferrer\">DeMigranz &#8211; Bundesweite Initiative Demenz und Migration<\/a><\/li>\r\n<li><a href=\"https:\/\/betterplace.org\/p64472\" target=\"_blank\" rel=\"noopener noreferrer\">Traumatisierten Gefl\u00fcchteten helfen<\/a><\/li>\r\n<li><a href=\"http:\/\/www.ueberleben.org\/\" target=\"_blank\" rel=\"noopener noreferrer\">Zentrum \u00dcBERLEBEN gGmbH<\/a><\/li>\r\n<li><a href=\"https:\/\/www.bamf.de\/DE\/Infothek\/infothek-node.html;jsessionid=D3E48B6CD2478B59D34DEFB5B819B62E.internet562\" target=\"_blank\" rel=\"noopener noreferrer\">Informationen des Bundesamt f\u00fcr Migration und Fl\u00fcchtlinge<\/a><\/li>\r\n<li><a href=\"https:\/\/www.bpb.de\/gesellschaft\/migration\/dossier-migration\/\" target=\"_blank\" rel=\"noopener noreferrer\">Migration und Pflege \u2013 BpB<\/a><\/li>\r\n<li><a href=\"https:\/\/www.bpb.de\/gesellschaft\/migration\/dossier-migration\/\" target=\"_blank\" rel=\"noopener noreferrer\">Dossier Migration \u2013 Bundeszentrale f\u00fcr politische Bildung (BpB)<\/a><\/li>\r\n<li><a href=\"https:\/\/www.bpb.de\/gesellschaft\/migration\/kurzdossiers\/210999\/migration-und-pflege\" target=\"_blank\" rel=\"noopener noreferrer\">Patientengespr\u00e4che im Migrationskontext \u2013 Schweizer Rotes Kreuz<\/a><\/li>\r\n<li><a href=\"https:\/\/kultursensiblepflege.de\/sterbebegleitung.html\" target=\"_blank\" rel=\"noopener noreferrer\">Sterbebegleitung \u2013 Kultursensible Pflege<\/a><\/li>\r\n<li><a href=\"http:\/\/www.caremi.de\/ergebnisse.html\" target=\"_blank\" rel=\"noopener noreferrer\">Pflegevorstellung T\u00fcrkischer und T\u00fcrkisch-St\u00e4mmiger &#8211; Ergebnisse der Caremi-Studie<\/a><\/li>\r\n<li><a href=\"https:\/\/www.demenz-und-migration.de\/\" target=\"_blank\" rel=\"noopener noreferrer\">Demenz und Migration<\/a><\/li>\r\n<\/ul>\r\n<\/details><details>\r\n<summary><span style=\"font-size: 26px; font-weight: bolder;\"> Informationen in verschiedenen Sprachen <\/span><\/summary>\r\n<ul>\r\n<li><a href=\"http:\/\/agm-online.de\/fileadmin\/downloads\/Veranstaltungen\/EduKation_Flyer_tk.pdf\" target=\"_blank\" rel=\"noreferrer noopener\">Kostenfreie t\u00fcrkischsprachige Kurse f\u00fcr Angeh\u00f6rige von Demenzkranken ab Oktober 2011<\/a><\/li>\r\n<li><a href=\"http:\/\/www.zfp-web.de\/1609.html\" target=\"_blank\" rel=\"noreferrer noopener\">Demenz-Brosch\u00fcren in verschiedenen Sprachen<\/a><\/li>\r\n<li><a href=\"http:\/\/www.zfp-web.de\/1609.html\" target=\"_blank\" rel=\"noreferrer noopener\">Informationen zu Betreuung und Vorsorgevollmacht in verschiedenen Sprachen<\/a><\/li>\r\n<li><a href=\"http:\/\/www.krisendienst-mittelfranken.de\/archiv\/kdmfr-flyer-tr.pdf\" target=\"_blank\" rel=\"noreferrer noopener\">Krisendienst in t\u00fcrkischer Sprache<\/a><\/li>\r\n<li><a href=\"http:\/\/www.krisendienst-mittelfranken.de\/info.htm\" target=\"_blank\" rel=\"noreferrer noopener\">Krisendienst in russischer Sprache<\/a><\/li>\r\n<li><a href=\"http:\/\/www.lpfa-nrw.de\/informationsmaterialien.html\" target=\"_blank\" rel=\"noreferrer noopener\">Informationen f\u00fcr pflegende Angeh\u00f6rige in unterschiedlichen Sprachen<\/a><\/li>\r\n<li><a href=\"http:\/\/www.alzheimer-bw.de\/demenzen\/informationen-in-anderen-sprachen\/\" target=\"_blank\" rel=\"noreferrer noopener\">Informationen \u00fcber Alzheimer und weitere Demenzerkrankungen in anderen Sprachen<\/a><\/li>\r\n<li><a href=\"http:\/\/www.verbraucherzentrale-rlp.de\/fluechtlingshilfe\" target=\"_blank\" rel=\"noreferrer noopener\">Mehrsprachige Infos f\u00fcr Fl\u00fcchtlinge der Verbraucherzentrale<\/a><\/li>\r\n<li><a href=\"http:\/\/www.pkv.de\/presse\/pressemitteilungen\/2016\/0316-ausbau-der-muttersprachlichen-beratung-der-unabhaengigen-patientenberatung-deutschland-upd\/\" target=\"_blank\" rel=\"noreferrer noopener\">PKV f\u00f6rdert muttersprachliche Patientenberatung<\/a><\/li>\r\n<li><a href=\"https:\/\/www.lpfa-nrw.de\/informationsmaterialien.html\" target=\"_blank\" rel=\"noreferrer noopener\">Mehrsprachige Checkliste &#8222;Schritt f\u00fcr Schritt zur h\u00e4uslichen Pflege&#8220;<\/a><\/li>\r\n<li><a href=\"http:\/\/www.medi-bild.de\/hauptseiten\/Materialien.html\" target=\"_blank\" rel=\"noreferrer noopener\">Brosch\u00fcren in verschiedenen Sprachen von Bild und Sprache e.V.<\/a><\/li>\r\n<li><a href=\"http:\/\/www.setzer-verlag.com\/epages\/79584208.sf\/de_DE\/?ObjectPath=\/Shops\/79584208\/Categories\/Download\" target=\"_blank\" rel=\"noreferrer noopener\">TipDoc &#8211; psychiatrische Erstanamnese in verschiedenen Sprachen<\/a><\/li>\r\n<li><a href=\"https:\/\/www.zqp.de\/tuerkce\/\" target=\"_blank\" rel=\"noopener noreferrer\">ZQP-Pflegeinformationen f\u00fcr Angeh\u00f6rige auf T\u00fcrkisch<\/a><\/li>\r\n<li><a href=\"https:\/\/www.demenz-und-migration.de\/materialien\/\" target=\"_blank\" rel=\"noopener noreferrer\">Erkl\u00e4rfilme und Brosch\u00fcren zu Demenz und Migration<\/a><\/li>\r\n<\/ul>\r\n<\/details><details>\r\n<summary><span style=\"font-size: 26px; font-weight: bolder;\"> Youtube Videos <\/span><\/summary>\r\n<ul>\r\n<li><a href=\"http:\/\/www.youtube.com\/watch?v=tLEf8kU0TK8\" target=\"_blank\" rel=\"noreferrer noopener\">Hueseyin Kaya: Probleme alternder Migranten<\/a><\/li>\r\n<li><a href=\"http:\/\/www.youtube.com\/watch?v=UlHuWqxbZWw\" target=\"_blank\" rel=\"noreferrer noopener\">Kultursensible Pflege- Netzwerk M\u00fcnster<\/a><\/li>\r\n<li><a href=\"https:\/\/www.youtube.com\/user\/DAlzG\" target=\"_blank\" rel=\"noreferrer noopener\">DAlzG &#8211; Demenz in verschiedenen Sprachen erkl\u00e4rt<\/a><\/li>\r\n<\/ul>\r\n<\/details><details>\r\n<summary><span style=\"font-size: 26px; font-weight: bolder;\"> B\u00dcCHER von MigrantInnen \u00fcber das Erlebte <\/span><\/summary>\r\n<ul>\r\n<li><a href=\"http:\/\/www.randomhouse.de\/Autor\/Lena_Gorelik\/p371339.rhd\" target=\"_blank\" rel=\"noreferrer noopener\">Lena Gorelik: &#8222;Sie k\u00f6nnen aber gut Deutsch!&#8220; Warum ich nicht mehr dankbar sein will, dass ich hier leben darf, und Toleranz nicht weiterhilft \u20ac 14,99<\/a><\/li>\r\n<li><a href=\"http:\/\/www.weltbild.de\/3\/17457895-1\/buch\/meine-russische-schwiegermutter-und-andere-katastrophen.html\" target=\"_blank\" rel=\"noreferrer noopener\">Alexandra Fr\u00f6hlich: Meine russische Schwiegermutter und andere Katastrophen (zum Thema Kultur(unterschiede- humorvoll!)<\/a><\/li>\r\n<\/ul>\r\n<\/details><\/aside>\r\n\r\n\r\n\r\n<p>&nbsp;<\/p>\r\n","protected":false},"excerpt":{"rendered":"<p>Allgemeine Informationen Beratungsstellen f\u00fcr Ausl\u00e4nder in Regensburg Deutsch-Russiche Gesellschaft f\u00fcr Psychiatrie Flyer &#8211; Vorsicht falsches Telefonat und Betr\u00fcger\u00a0 Schwerpunktbericht der Gesundheitsberichterstattung des Bundes &#8211; Migration und Gesundheit MigrantInnen und Demenz [&hellip;]<\/p>\n","protected":false},"author":1,"featured_media":0,"parent":0,"menu_order":0,"comment_status":"closed","ping_status":"closed","template":"","meta":[],"yoast_head":"<!-- This site is optimized with the Yoast SEO plugin v14.5 - https:\/\/yoast.com\/wordpress\/plugins\/seo\/ -->\n<title>Migration - AGVB<\/title>\n<meta name=\"robots\" content=\"index, follow\" \/>\n<meta name=\"googlebot\" content=\"index, follow, max-snippet:-1, max-image-preview:large, max-video-preview:-1\" \/>\n<meta name=\"bingbot\" content=\"index, follow, max-snippet:-1, max-image-preview:large, max-video-preview:-1\" \/>\n<link rel=\"canonical\" href=\"https:\/\/entwicklung.agvb.de\/?page_id=189\" \/>\n<meta property=\"og:locale\" content=\"de_DE\" \/>\n<meta property=\"og:type\" content=\"article\" \/>\n<meta property=\"og:title\" content=\"Migration - AGVB\" \/>\n<meta property=\"og:description\" content=\"Allgemeine Informationen Beratungsstellen f\u00fcr Ausl\u00e4nder in Regensburg Deutsch-Russiche Gesellschaft f\u00fcr Psychiatrie Flyer &#8211; Vorsicht falsches Telefonat und Betr\u00fcger\u00a0 Schwerpunktbericht der Gesundheitsberichterstattung des Bundes &#8211; Migration und Gesundheit MigrantInnen und Demenz [&hellip;]\" \/>\n<meta property=\"og:url\" content=\"https:\/\/entwicklung.agvb.de\/?page_id=189\" \/>\n<meta property=\"og:site_name\" content=\"AGVB\" \/>\n<meta property=\"article:modified_time\" content=\"2020-12-03T09:11:21+00:00\" \/>\n<meta name=\"twitter:card\" content=\"summary_large_image\" \/>\n<script type=\"application\/ld+json\" class=\"yoast-schema-graph\">{\"@context\":\"https:\/\/schema.org\",\"@graph\":[{\"@type\":\"WebSite\",\"@id\":\"https:\/\/entwicklung.agvb.de\/#website\",\"url\":\"https:\/\/entwicklung.agvb.de\/\",\"name\":\"AGVB\",\"description\":\"\",\"potentialAction\":[{\"@type\":\"SearchAction\",\"target\":\"https:\/\/entwicklung.agvb.de\/?s={search_term_string}\",\"query-input\":\"required name=search_term_string\"}],\"inLanguage\":\"de\"},{\"@type\":\"WebPage\",\"@id\":\"https:\/\/entwicklung.agvb.de\/?page_id=189#webpage\",\"url\":\"https:\/\/entwicklung.agvb.de\/?page_id=189\",\"name\":\"Migration - AGVB\",\"isPartOf\":{\"@id\":\"https:\/\/entwicklung.agvb.de\/#website\"},\"datePublished\":\"2020-06-29T07:55:20+00:00\",\"dateModified\":\"2020-12-03T09:11:21+00:00\",\"inLanguage\":\"de\",\"potentialAction\":[{\"@type\":\"ReadAction\",\"target\":[\"https:\/\/entwicklung.agvb.de\/?page_id=189\"]}]}]}<\/script>\n<!-- \/ Yoast SEO plugin. -->","_links":{"self":[{"href":"https:\/\/entwicklung.agvb.de\/index.php?rest_route=\/wp\/v2\/pages\/189"}],"collection":[{"href":"https:\/\/entwicklung.agvb.de\/index.php?rest_route=\/wp\/v2\/pages"}],"about":[{"href":"https:\/\/entwicklung.agvb.de\/index.php?rest_route=\/wp\/v2\/types\/page"}],"author":[{"embeddable":true,"href":"https:\/\/entwicklung.agvb.de\/index.php?rest_route=\/wp\/v2\/users\/1"}],"replies":[{"embeddable":true,"href":"https:\/\/entwicklung.agvb.de\/index.php?rest_route=%2Fwp%2Fv2%2Fcomments&post=189"}],"version-history":[{"count":28,"href":"https:\/\/entwicklung.agvb.de\/index.php?rest_route=\/wp\/v2\/pages\/189\/revisions"}],"predecessor-version":[{"id":1836,"href":"https:\/\/entwicklung.agvb.de\/index.php?rest_route=\/wp\/v2\/pages\/189\/revisions\/1836"}],"wp:attachment":[{"href":"https:\/\/entwicklung.agvb.de\/index.php?rest_route=%2Fwp%2Fv2%2Fmedia&parent=189"}],"curies":[{"name":"wp","href":"https:\/\/api.w.org\/{rel}","templated":true}]}}