{"id":1259,"date":"2020-08-27T10:33:22","date_gmt":"2020-08-27T08:33:22","guid":{"rendered":"https:\/\/entwicklung.agvb.de\/?page_id=1259"},"modified":"2020-12-11T13:30:00","modified_gmt":"2020-12-11T11:30:00","slug":"ambulante-demenz-wg","status":"publish","type":"page","link":"https:\/\/entwicklung.agvb.de\/?page_id=1259","title":{"rendered":"Seniorengerechtes Wohnen"},"content":{"rendered":"<aside>\n<details>\n<summary><span style=\"font-size: 26px; font-weight: bolder;\">Ambulant betreute Wohngemeinschaften<\/span><\/summary>\n<ul>\n<li><a href=\"http:\/\/www.ambulant-betreute-wohngemeinschaften.de\/\" target=\"_blank\" rel=\"noreferrer noopener\">Koordinationsstelle ambulant betreute Wohngemeinschaften in Bayern<\/a><\/li>\n<li><a href=\"https:\/\/www.bayern-pflege-wohnen.de\/literatur-und-tipps.html\" target=\"_blank\" rel=\"noopener noreferrer\">Literatur und Tipps &#8211; Koordinationsstelle Pflege und Wohnen Bayern<\/a><\/li>\n<li><a href=\"https:\/\/www.stmgp.bayern.de\/pflege\/ambulant-betreute-wohngemeinschaften\/\" target=\"_blank\" rel=\"noreferrer noopener\">Ambulant betreute Wohngemeinschaften in Bayern<\/a><\/li>\n<li><a href=\"http:\/\/www.vergissmichnicht.bayern\/\" target=\"_blank\" rel=\"noreferrer noopener\">Vergissmeinnicht e.V. &#8211; Demenz Wohngemeinschaft<\/a><\/li>\n<li><a href=\"http:\/\/www.faz.net\/aktuell\/politik\/inland\/demenz-wg-vergesslich-nicht-vergessen-11815106.html\" target=\"_blank\" rel=\"noreferrer noopener\">Artikel \u00fcber Demenz-WG bei faz.net<\/a><\/li>\n<li><a href=\"http:\/\/www.wg-qualitaet.de\/\" target=\"_blank\" rel=\"noreferrer noopener\">Qualit\u00e4tssicherung in ambulanten Demenz-WG\u00b4s<\/a><\/li>\n<li><a href=\"https:\/\/www.byak.de\/data\/pdfs\/Beratungsstelle_Barrierefreiheit\/Wohngemeinschaft_Demenz.pdf\" target=\"_blank\" rel=\"noreferrer noopener\">Gestaltungsvorschl\u00e4ge der Bayerischen Architektenkammer<\/a><\/li>\n<li><a href=\"http:\/\/www.amazon.de\/gp\/product\/3938304936\/ref=ox_sc_act_title_1?ie=UTF8&amp;psc=1&amp;smid=A3JWKAKR8XB7XF#reader_3938304936\" target=\"_blank\" rel=\"noreferrer noopener\">Heimat f\u00fcr Menschen mit Demenz<\/a><\/li>\n<li><a href=\"http:\/\/www.stmgp.bayern.de\/pflege\/recht\/foerderung_abwg.htm\" target=\"_blank\" rel=\"noreferrer noopener\">F\u00f6rderung ambulant betreuter Wohngemeinschaften<\/a><\/li>\n<li><a href=\"http:\/\/www.landesstiftung.bayern.de\/\" target=\"_blank\" rel=\"noreferrer noopener\">Bayerische Landesstiftung<\/a><\/li>\n<li><a href=\"http:\/\/www.leben-wie-ich-bin.de\/\" target=\"_blank\" rel=\"noreferrer noopener\">Informationen zu Demenz-WG\u00b4s von \u201eLeben wie ich bin\u201c e.V.<\/a><\/li>\n<li><a href=\"https:\/\/www.deutsche-alzheimer.de\/fileadmin\/alz\/pdf\/factsheets\/infoblatt13_demenz-wg_dalzg.pdf\" target=\"_blank\" rel=\"noreferrer noopener\">Infoblatt der Alzheimer Gesellschaft zu Demenz-WGs<\/a><\/li>\n<li><a href=\"http:\/\/www.demenz-musterwohnung.de\/\" target=\"_blank\" rel=\"noreferrer noopener\">Virtueller Rundgang durch eine Demenz-Musterwohnung<\/a><\/li>\n<li><a href=\"http:\/\/www.feuertrutz.de\/barrierefreier-brandschutz\/150\/35997\/\" target=\"_blank\" rel=\"noreferrer noopener\">Barrierefreier Brandschutz, Methodik &#8211; Konzepte &#8211; Ma\u00dfnahmen<\/a><\/li>\n<li><a href=\"https:\/\/sozialministerium.baden-wuerttemberg.de\/fileadmin\/redaktion\/m-sm\/intern\/downloads\/Publikationen\/Planungsleitfaden_Ambulant_betreute_Wohngemeinschaften_2019.pdf\" target=\"_blank\" rel=\"noreferrer noopener\">Planungsleitfaden Ambulant betreute Wohngemeinschaften<\/a><\/li>\n<li><a href=\"https:\/\/www.bestellen.bayern.de\/application\/applstarter?APPL=ESHOP&amp;DIR=eshop&amp;ACTIONxSETVAL(index_portal.htm,USERxPORTAL:TRUE,ALLE:X)=X\" target=\"_blank\" rel=\"noopener noreferrer\">Brosch\u00fcren, wie Pr\u00fcfleitf\u00e4den, etc. des BStMGP<\/a><\/li>\n<li><a href=\"https:\/\/www.koordinationsstelle-pflege-wgs-hamburg.de\/index.php\/newsletterjournal.html\" target=\"_blank\" rel=\"noopener noreferrer\">Bundesweites Journal f\u00fcr Wohn-Pflege-Gemeinschaften<\/a><\/li>\n<\/ul>\n<p>&nbsp;<\/p>\n<\/details>\n<\/aside>\n<aside>\n<details>\n<summary><span style=\"font-size: 26px; font-weight: bolder;\">Dorfgemeinschaften<\/span><\/summary>\n<ul><\/ul>\n<ul>\n<li><a href=\"https:\/\/www.luce-stiftung.de\/portfolio-item\/alia-agil-leben-im-alter\/\" target=\"_blank\" rel=\"noreferrer noopener\">ALIA &#8211; Agil leben im Alter, ein geplantes Projekt der LUCE-Stiftung in Weiherhammer<\/a><\/li>\n<li><a href=\"https:\/\/www.toeneboen-stiftung.de\/pflegeheim\/toeneboen-am-see\/index.htm\" target=\"_blank\" rel=\"noreferrer noopener\">T\u00f6neb\u00f6n am See &#8211; Lebensraum f\u00fcr Menschen mit Demenz<\/a><\/li>\n<li><a href=\"https:\/\/www.liebenswert-magazin.de\/ein-dorf-fuer-demenzkranke-4051.html#demenzd_ouml_rfer_in_deutschland\" target=\"_blank\" rel=\"noreferrer noopener\">Liebenswert-Magazin-Demenzd\u00f6rfer in Deutschland<\/a><\/li>\n<li><a href=\"https:\/\/www.awo-sz-suessendell.de\/konzept\/wohnform\/\" target=\"_blank\" rel=\"noreferrer noopener\">AWO Seniorenzentrum S\u00fcssendell Stolberg-Mausbach<\/a><\/li>\n<li><a href=\"https:\/\/www.wallmenichhaus.de\/einrichtung\/wohngemeinschaften\/\" target=\"_blank\" rel=\"noreferrer noopener\">Schwesternschaft Wallmenich-Haus vom BRK e.V.<\/a><\/li>\n<\/ul>\n<\/details>\n<\/aside>\n<aside>\n<details>\n<summary><span style=\"font-size: 26px; font-weight: bolder;\">Barrierefreiheit<\/span><\/summary>\n<ul><\/ul>\n<ul>\n<li><a href=\"http:\/\/www.serviceportal-zuhause-im-alter.de\/\" target=\"_blank\" rel=\"noreferrer noopener\">Zuhause im Alter &#8211; Clevere Tipps f\u00fcr barrierefreies Wohnen im Alter<\/a><\/li>\n<li><a href=\"http:\/\/www.wiesbaden-barrierefrei.de\/downloads\/Rogat\/Broschuere_Leitfaden_Barrierefreies_Bauen_Internet.pdf\" target=\"_blank\" rel=\"noreferrer noopener\">Barrierefreies Bauen<\/a><\/li>\n<li><a href=\"http:\/\/www.wiesbaden-barrierefrei.de\/downloads\/Rogat\/Checkliste.pdf\" target=\"_blank\" rel=\"noreferrer noopener\">Checkliste f\u00fcr barrierefreie Veranstaltungen<\/a><\/li>\n<li><a href=\"http:\/\/www.neues-wohnen-nds.de\/wp-content\/uploads\/2011\/05\/Literaturliste-Wohnungsanpassung20171.pdf\" target=\"_blank\" rel=\"noreferrer noopener\">Literaturliste &#8211; Barrierefreies Bauen\/ Wohnungsanpassung<\/a><\/li>\n<li><a href=\"http:\/\/www.dbsv.org\/fachbroschueren.html\" target=\"_blank\" rel=\"noreferrer noopener\">DBSV-Fachbrosch\u00fcre &#8222;Kontrastreiche Gestaltung \u00f6ffentlich zug\u00e4ngliche Geb\u00e4ude&#8220;<\/a><\/li>\n<li><a href=\"https:\/\/www.casando.de\/barrierefrei-wohnen-ratgeber\/\" target=\"_blank\" rel=\"noreferrer noopener\">Ratgeber f\u00fcr barrierefreies Wohnen<\/a><\/li>\n<li><a href=\"http:\/\/www.deutsche-treppenlift-beratung.de\/\" target=\"_blank\" rel=\"noreferrer noopener\">Deutsche Treppenlift-Beratung<\/a><\/li>\n<li><a href=\"http:\/\/www.wohnen-im-alter.de\/\" target=\"_blank\" rel=\"noreferrer noopener\">Wohnen-im-Alter.de &#8211; Deutschlands gro\u00dfes Suchportal f\u00fcr Altenheime, Betreutes Wohnen und Seniorenresidenzen<\/a><\/li>\n<li><a href=\"http:\/\/www.treppenlifte-informationen.com\/\" target=\"_blank\" rel=\"noreferrer noopener\">unabh\u00e4ngige Informationen \u00fcber Treppenlifte, Rampen und Co.<\/a><\/li>\n<\/ul>\n<\/details>\n<\/aside>\n<aside>\n<details>\n<summary><span style=\"font-size: 26px; font-weight: bolder;\">Verschiedene Wohnformen im Alter<\/span><\/summary>\n<ul>\n<li><a href=\"http:\/\/www.heimverzeichnis.de\/\" target=\"_blank\" rel=\"noreferrer noopener\">heimverzeichnis.de &#8211; Orientierungshilfe bei der Suche nach Altenheimen mit Lebensqualit\u00e4t<\/a><\/li>\n<li><a href=\"http:\/\/www.wohnen-alter-bayern.de\/ambulant-betreute-wohngemeinschaften.html\" target=\"_blank\" rel=\"noreferrer noopener\">Fachstelle f\u00fcr ambulant betreute Wohngemeinschaften<\/a><\/li>\n<li><a href=\"http:\/\/www.wohnen-alter-bayern.de\/\" target=\"_blank\" rel=\"noreferrer noopener\">Koordinationsstelle Wohnen im Alter<\/a><\/li>\n<li><a href=\"http:\/\/demenz-wg.de\/ueber-demenz-wgs\/\" target=\"_blank\" rel=\"noreferrer noopener\">Informationen und Regeln zu Demenz-WG\u00b4s<\/a><\/li>\n<li><a href=\"http:\/\/www.wohnen-im-alter.de\/seniorenratgeber_alternative_wohnformen.html\" target=\"_blank\" rel=\"noreferrer noopener\">Alternative Wohnformen im Alter<\/a><\/li>\n<li><a href=\"http:\/\/www.amiato.de\/\" target=\"_blank\" rel=\"noreferrer noopener\">Altersgerechte Wohnformen im Alter\u00a0<\/a><\/li>\n<li><a href=\"http:\/\/www.amazon.de\/Entwurfsatlas-Wohnen-im-Alter-Entwurfsatlanten\/dp\/3034601069\/ref=sr_1_9?ie=UTF8&amp;qid=1389976131&amp;sr=8-9&amp;keywords=Demenz+Architektur#reader_3034601069\" target=\"_blank\" rel=\"noreferrer noopener\">Entwurfsatlas &#8222;Wohnen im Alter&#8220;<\/a><\/li>\n<li><a href=\"https:\/\/www.wohnen-im-eigentum.de\/\" target=\"_blank\" rel=\"noreferrer noopener\">Wohnen im Eigentum<\/a><a href=\"https:\/\/www.vernetzung-mainrhoen.de\/urlaub-mit-demenzerkrankten\/\" target=\"_blank\" rel=\"noreferrer noopener\"><\/a><\/li>\n<li><a href=\"http:\/\/verein.fgw-ev.de\/files\/handreichung-temporaere-wohnangebote.pdf\" target=\"_blank\" rel=\"noopener noreferrer\">FORUM Gemeinschaftliches Wohnen: \u201eTempor\u00e4re Wohnangebote. Eine Handreichung.\u201c<\/a><\/li>\n<li><a href=\"https:\/\/www.gkv-spitzenverband.de\/pflegeversicherung\/forschung\/modellprojekte_45f\/pflege_modellprojekte_45f.jsp\" target=\"_blank\" rel=\"noopener noreferrer\">GKV-Spitzenverband: \u201eArbeitshilfe zur Umsetzung neuer Wohnformen f\u00fcr Pflegebed\u00fcrftige\u201c<\/a><\/li>\n<li><a href=\"http:\/\/verein.fgw-ev.de\/service-und-informationen\/publikationen.html\" target=\"_blank\" rel=\"noopener noreferrer\">FORUM Gemeinschaftliches Wohnen e.V. \u2013 Brosch\u00fcren unterschiedlicher Wohnformen<\/a><\/li>\n<li><a href=\"http:\/\/www.urbanes-wohnen.de\/wordpress\/\" target=\"_blank\" rel=\"noopener noreferrer\">Urbanes Wohnen e.V.<\/a><\/li>\n<li><a href=\"https:\/\/www.der-hof-ev.de\/\" target=\"_blank\" rel=\"noopener noreferrer\">Der Hof \u2013 Wohnprojekte Alt und Jung e.V. N\u00fcrnberg<\/a><\/li>\n<li><a href=\"https:\/\/kda.de\/mehr-als-zu-hause-mehr-als-im-heim\/\" target=\"_blank\" rel=\"noopener noreferrer\">KDA-: Praxishilfe Wohnformen f\u00fcr Pflegebed\u00fcrftige<\/a><\/li>\n<\/ul>\n<\/details>\n<\/aside>\n<aside>\n<details>\n<summary><span style=\"font-size: 26px; font-weight: bolder;\">Wohnberatung und Wohnungsanpassung bei Demenz<\/span><\/summary>\n<ul>\n<li><a href=\"https:\/\/www.agvb.de\/fileadmin\/user_upload\/Regierungsbezirke\/Oberpfalz\/Dateien_f%C3%BCr_Fachinfos\/Musterschreiben_F%C3%B6rderm%C3%B6glichkeiten.pdf\">F\u00f6rderung durch den Freistaat Bayern, Musterschreiben (Quelle: Seniorenamt Stadt Regensburg)<\/a><\/li>\n<li><a href=\"https:\/\/www.agvb.de\/fileadmin\/user_upload\/Regierungsbezirke\/Oberpfalz\/Dateien_f%C3%BCr_Fachinfos\/Gerontopsychiatrische_Dienste.pdf\">Pr\u00e4sentation &#8222;Zuhause sein. Auch im Alter.&#8220; (Quelle: Seniorenamt Stadt Regensburg)<\/a><\/li>\n<li><a href=\"https:\/\/www.bifada.de\/\" target=\"_blank\" rel=\"noreferrer noopener\">Bayerisches Institut f\u00fcr alters- und demenzsensible Architektu (BIfadA)<\/a><\/li>\n<li><a href=\"https:\/\/www.demenz-musterwohnung.de\/\" target=\"_blank\" rel=\"noreferrer noopener\">Demenz-Musterwohnung<\/a><\/li>\n<li><a href=\"http:\/\/www.swa-berlin.de\/\" target=\"_blank\" rel=\"noreferrer noopener\">Verein f\u00fcr Selbstbestimmtes Wohnen im Alter e. V.<\/a><\/li>\n<li><a href=\"https:\/\/www.bagso-service.de\/fileadmin\/user_upload\/redaktion\/Projekte\/Broschuere_Das_Badezimmer.pdf\" target=\"_blank\" rel=\"noopener noreferrer\">Brosch\u00fcre &#8222;Das Badezimmer wird sicher, praktisch und bequem!&#8220;<\/a><\/li>\n<\/ul>\n<\/details>\n<\/aside>\n<aside>\n<details>\n<summary><span style=\"font-size: 26px; font-weight: bolder;\">Besch\u00e4ftigung von osteurop\u00e4ischen Haushaltshilfen<\/span><\/summary>\n<ul>\n<li><a href=\"http:\/\/www.bmas.de\/SharedDocs\/Downloads\/DE\/PDF-Publikationen\/a805-beschaeftigung-entsendung-unionsbuerger.pdf?__blob=publicationFile\" target=\"_blank\" rel=\"noreferrer noopener\">Informationsbrosch\u00fcre &#8222;Besch\u00e4ftigung und Entsendung von Unionsb\u00fcrgern&#8220;\u00a0<\/a><\/li>\n<li><a href=\"http:\/\/www.verbraucherzentrale-bayern.de\/mediabig\/157221A.pdf\" target=\"_blank\" rel=\"noreferrer noopener\">Bedingungen und Voraussetzungen zur legalen Besch\u00e4ftigung osteurop\u00e4ischer Haushaltshilfen oder Pflegekr\u00e4fte<\/a><\/li>\n<li><a href=\"http:\/\/entsenderecht.de\/entsendung\/?tx_news_pi1%5BoverwriteDemand%5D%5Bcategories%5D=37&amp;cHash=42cf9ade31752bdac28dd4f5b35d0bd5\" target=\"_blank\" rel=\"noreferrer noopener\">Arbeitnehmer-Entsendegesetz (AEntG)<\/a><\/li>\n<li><a href=\"http:\/\/simpleurl.de\/a4db0ce46b548f92?lid=021a5978fc66fe9e1e23b9f4271403ab0000061b00143da403ea\" target=\"_blank\" rel=\"noreferrer noopener\">kdf-Brosch\u00fcre &#8222;Haushaltsbezogene Dienstleistungen: fair -legal &#8211; bezahlbar&#8220;<\/a><\/li>\n<li><a href=\"http:\/\/www.ratgeber-verbraucherzentrale.de\/auslaendische-haushalts-und-betreuungskraefte\" target=\"_blank\" rel=\"noreferrer noopener\">Ausl\u00e4ndische Haushalts- und Betreuungskr\u00e4fte in Privathaushalten<\/a><\/li>\n<li><a href=\"https:\/\/www.verbraucherzentrale.de\/wissen\/gesundheit-pflege\/pflege-zu-hause\/osteuropaeische-betreuungskraefte-in-privathaushalten-10601\" target=\"_blank\" rel=\"noreferrer noopener\">Osteurop\u00e4ische Betreuungs- und Pflegekr\u00e4fte in Privathaushalten<\/a><\/li>\n<\/ul>\n<\/details>\n<\/aside>\n","protected":false},"excerpt":{"rendered":"<p>Ambulant betreute Wohngemeinschaften Koordinationsstelle ambulant betreute Wohngemeinschaften in Bayern Literatur und Tipps &#8211; Koordinationsstelle Pflege und Wohnen Bayern Ambulant betreute Wohngemeinschaften in Bayern Vergissmeinnicht e.V. &#8211; Demenz Wohngemeinschaft Artikel \u00fcber [&hellip;]<\/p>\n","protected":false},"author":1,"featured_media":0,"parent":0,"menu_order":0,"comment_status":"closed","ping_status":"closed","template":"","meta":[],"yoast_head":"<!-- This site is optimized with the Yoast SEO plugin v14.5 - https:\/\/yoast.com\/wordpress\/plugins\/seo\/ -->\n<title>Seniorengerechtes Wohnen - AGVB<\/title>\n<meta name=\"robots\" content=\"index, follow\" \/>\n<meta name=\"googlebot\" content=\"index, follow, max-snippet:-1, max-image-preview:large, max-video-preview:-1\" \/>\n<meta name=\"bingbot\" content=\"index, follow, max-snippet:-1, max-image-preview:large, max-video-preview:-1\" \/>\n<link rel=\"canonical\" href=\"https:\/\/entwicklung.agvb.de\/?page_id=1259\" \/>\n<meta property=\"og:locale\" content=\"de_DE\" \/>\n<meta property=\"og:type\" content=\"article\" \/>\n<meta property=\"og:title\" content=\"Seniorengerechtes Wohnen - AGVB\" \/>\n<meta property=\"og:description\" content=\"Ambulant betreute Wohngemeinschaften Koordinationsstelle ambulant betreute Wohngemeinschaften in Bayern Literatur und Tipps &#8211; Koordinationsstelle Pflege und Wohnen Bayern Ambulant betreute Wohngemeinschaften in Bayern Vergissmeinnicht e.V. &#8211; Demenz Wohngemeinschaft Artikel \u00fcber [&hellip;]\" \/>\n<meta property=\"og:url\" content=\"https:\/\/entwicklung.agvb.de\/?page_id=1259\" \/>\n<meta property=\"og:site_name\" content=\"AGVB\" \/>\n<meta property=\"article:modified_time\" content=\"2020-12-11T11:30:00+00:00\" \/>\n<meta name=\"twitter:card\" content=\"summary_large_image\" \/>\n<script type=\"application\/ld+json\" class=\"yoast-schema-graph\">{\"@context\":\"https:\/\/schema.org\",\"@graph\":[{\"@type\":\"WebSite\",\"@id\":\"https:\/\/entwicklung.agvb.de\/#website\",\"url\":\"https:\/\/entwicklung.agvb.de\/\",\"name\":\"AGVB\",\"description\":\"\",\"potentialAction\":[{\"@type\":\"SearchAction\",\"target\":\"https:\/\/entwicklung.agvb.de\/?s={search_term_string}\",\"query-input\":\"required name=search_term_string\"}],\"inLanguage\":\"de\"},{\"@type\":\"WebPage\",\"@id\":\"https:\/\/entwicklung.agvb.de\/?page_id=1259#webpage\",\"url\":\"https:\/\/entwicklung.agvb.de\/?page_id=1259\",\"name\":\"Seniorengerechtes Wohnen - AGVB\",\"isPartOf\":{\"@id\":\"https:\/\/entwicklung.agvb.de\/#website\"},\"datePublished\":\"2020-08-27T08:33:22+00:00\",\"dateModified\":\"2020-12-11T11:30:00+00:00\",\"inLanguage\":\"de\",\"potentialAction\":[{\"@type\":\"ReadAction\",\"target\":[\"https:\/\/entwicklung.agvb.de\/?page_id=1259\"]}]}]}<\/script>\n<!-- \/ Yoast SEO plugin. -->","_links":{"self":[{"href":"https:\/\/entwicklung.agvb.de\/index.php?rest_route=\/wp\/v2\/pages\/1259"}],"collection":[{"href":"https:\/\/entwicklung.agvb.de\/index.php?rest_route=\/wp\/v2\/pages"}],"about":[{"href":"https:\/\/entwicklung.agvb.de\/index.php?rest_route=\/wp\/v2\/types\/page"}],"author":[{"embeddable":true,"href":"https:\/\/entwicklung.agvb.de\/index.php?rest_route=\/wp\/v2\/users\/1"}],"replies":[{"embeddable":true,"href":"https:\/\/entwicklung.agvb.de\/index.php?rest_route=%2Fwp%2Fv2%2Fcomments&post=1259"}],"version-history":[{"count":36,"href":"https:\/\/entwicklung.agvb.de\/index.php?rest_route=\/wp\/v2\/pages\/1259\/revisions"}],"predecessor-version":[{"id":1902,"href":"https:\/\/entwicklung.agvb.de\/index.php?rest_route=\/wp\/v2\/pages\/1259\/revisions\/1902"}],"wp:attachment":[{"href":"https:\/\/entwicklung.agvb.de\/index.php?rest_route=%2Fwp%2Fv2%2Fmedia&parent=1259"}],"curies":[{"name":"wp","href":"https:\/\/api.w.org\/{rel}","templated":true}]}}